{"id":39,"date":"2026-02-16T22:38:42","date_gmt":"2026-02-16T21:38:42","guid":{"rendered":"http:\/\/serwer321664.lh.pl\/autoinstalator\/serwer321664.lh.pl\/wordpress148439\/?page_id=39"},"modified":"2026-03-08T14:36:23","modified_gmt":"2026-03-08T13:36:23","slug":"statut","status":"publish","type":"page","link":"https:\/\/alterny.org.pl\/index.php\/statut\/","title":{"rendered":"Statut"},"content":{"rendered":"\n<p class=\"has-text-align-center has-vivid-purple-color has-text-color has-link-color has-small-font-size wp-elements-0bcac073978b321081798fe5c11b85d3\" style=\"font-style:normal;font-weight:200\">\u00a7 1<\/p>\n\n\n\n<p class=\"has-vivid-purple-color has-text-color has-link-color has-small-font-size wp-elements-277e15aa2552f8d3daa9a10ce308fe49\" style=\"font-style:normal;font-weight:200\">1. Fundacja o nazwie Buda, we\u017a i obr\u00f3\u0107 si\u0119! zosta\u0142a ustanowiona przez Ew\u0119 Graczyk, Beat\u0119 Ku\u017aniewsk\u0105 i Agnieszk\u0119 Zi\u0119b\u0119, zwanych Fundatorkami, o\u015bwiadczeniem woli wyra\u017conym w formie aktu notarialnego sporz\u0105dzonego przez &#8211; notariusz Anna Rudnicka.<\/p>\n\n\n\n<p class=\"has-vivid-purple-color has-text-color has-link-color has-small-font-size wp-elements-b448b05cde62f3d373d2a6899a49cffb\" style=\"font-style:normal;font-weight:200\">2. Fundacja w obecnym kszta\u0142cie, realizuj\u0105ca niniejszy statut wyst\u0119puje pod zmienion\u0105 nazw\u0105: ALTERNY.<\/p>\n\n\n\n<p class=\"has-text-align-center has-vivid-purple-color has-text-color has-link-color has-small-font-size wp-elements-bde62cea351b7edde34c79f473ffcf95\" style=\"font-style:normal;font-weight:200\">\u00a7 2<\/p>\n\n\n\n<p class=\"has-vivid-purple-color has-text-color has-link-color has-small-font-size wp-elements-c54d25720ebf88c5602202338a52d241\" style=\"font-style:normal;font-weight:200\">1. Siedzib\u0105 Fundacji jest Gda\u0144sk.<\/p>\n\n\n\n<p class=\"has-vivid-purple-color has-text-color has-link-color has-small-font-size wp-elements-5ab9c3bdabd9e47159f24baa4d4809c1\" style=\"font-style:normal;font-weight:200\">2. Fundacja zastrzega sobie prawo prowadzenia dzia\u0142alno\u015bci statutowej w obr\u0119bie ca\u0142ego terytorium Rzeczpospolitej Polskiej, a tak\u017ce poza jej granicami w ramach wsp\u00f3\u0142pracy z podmiotami spoza jej obszaru.<\/p>\n\n\n\n<p class=\"has-text-align-center has-vivid-purple-color has-text-color has-link-color has-small-font-size wp-elements-a2a87cfe995bae9ab0148de1a48373ac\" style=\"font-style:normal;font-weight:200\">\u00a7 3<\/p>\n\n\n\n<p class=\"has-vivid-purple-color has-text-color has-link-color has-small-font-size wp-elements-343e72b2ccb0aae56e1142d5669128f1\" style=\"font-style:normal;font-weight:200\">1. Celem Fundacji jest budowanie spo\u0142ecze\u0144stwa aktywnie egalitarnego. Zapobieganie rasizmowi oraz dyskryminacji i marginalizacji   wszelkich grup mniejszo\u015bciowych i jednostek je reprezentuj\u0105cych, a tak\u017ce przeciwdzia\u0142anie powstawaniu lub odwr\u00f3ceniu ju\u017c istniej\u0105cych postaw ksenofobicznych i etnofobicznych.<\/p>\n\n\n\n<p class=\"has-vivid-purple-color has-text-color has-link-color has-small-font-size wp-elements-17adc0a02a26916c2ee5335a065e3620\" style=\"font-style:normal;font-weight:200\">2. Fundacja realizuje cele statutowe w obszarze dzia\u0142a\u0144 edukacji i integracji mi\u0119dzykulturowej oraz integracji spo\u0142ecznej poprzez:<\/p>\n\n\n\n<p class=\"has-vivid-purple-color has-text-color has-link-color has-small-font-size wp-elements-1313a95dcc528668474a49f4bdcc8e2f\" style=\"font-style:normal;font-weight:200\">. organizacj\u0119 warsztat\u00f3w, szkole\u0144, mentoring<\/p>\n\n\n\n<p class=\"has-vivid-purple-color has-text-color has-link-color has-small-font-size wp-elements-db3916dd6ae054e98b3a76fa811d648f\" style=\"font-style:normal;font-weight:200\">. czynne anga\u017cowanie i w\u0142\u0105czanie wszystkich stron dialogu w wydarzenia o charakterze poznawczym i integracyjnym<\/p>\n\n\n\n<p class=\"has-vivid-purple-color has-text-color has-link-color has-small-font-size wp-elements-3f7544091b8facc23a7d1d4ea7f66ca3\" style=\"font-style:normal;font-weight:200\">. prowadzenie klub\u00f3w i k\u00f3\u0142 dyskusyjnych, tworzenie przestrzeni i warunk\u00f3w dla wymiany my\u015bli i wzajemnego poznania<\/p>\n\n\n\n<p class=\"has-vivid-purple-color has-text-color has-link-color has-small-font-size wp-elements-2ade5769efcc40a5b088df808b25e076\" style=\"font-style:normal;font-weight:200\">. korzystanie ze wsparcia i us\u0142ug os\u00f3b, instytucji i innych grup eksperckich w zale\u017cno\u015bci od kontekstu prowadzonych zaj\u0119\u0107 i warsztat\u00f3w i bie\u017c\u0105cych potrzeb s\u0142u\u017c\u0105cych realizacji cel\u00f3w statutowych Fundacji<\/p>\n\n\n\n<p class=\"has-vivid-purple-color has-text-color has-link-color has-small-font-size wp-elements-670cb5b6387d9a1abf9054e16dedf8f7\" style=\"font-style:normal;font-weight:200\">. tworzenie warunk\u00f3w do wsp\u00f3\u0142pracy grup i os\u00f3b o r\u00f3\u017cnych do\u015bwiadczeniach i potrzebach<\/p>\n\n\n\n<p class=\"has-vivid-purple-color has-text-color has-link-color has-small-font-size wp-elements-abfcb6eb14a469492b543e76a150b59d\" style=\"font-style:normal;font-weight:200\">. partnersk\u0105 wsp\u00f3\u0142prac\u0119 z organizacjami, fundacjami, instytucjami, stowarzyszeniami oraz innymi grupami, tak\u017ce z grupami nieformalnymi<\/p>\n\n\n\n<p class=\"has-vivid-purple-color has-text-color has-link-color has-small-font-size wp-elements-7db8ce68dde0e21972757181295b24bb\" style=\"font-style:normal;font-weight:200\">. wsp\u00f3\u0142prac\u0119 w ramach wolontariatu i sta\u017cu s\u0142u\u017c\u0105cym realizacji cel\u00f3w statutowych Fundacji<\/p>\n\n\n\n<p class=\"has-vivid-purple-color has-text-color has-link-color has-small-font-size wp-elements-f5a7fbac7e99123deeb1f1b8e64979c7\" style=\"font-style:normal;font-weight:200\">. monitoring dzia\u0142a\u0144 i zachowa\u0144 faszyzuj\u0105cych<\/p>\n\n\n\n<p class=\"has-text-align-center has-vivid-purple-color has-text-color has-link-color has-small-font-size wp-elements-f4af72fc4900a4c1ddbb86197e7a0cef\" style=\"font-style:normal;font-weight:200\">\u00a7 4<\/p>\n\n\n\n<p class=\"has-vivid-purple-color has-text-color has-link-color has-small-font-size wp-elements-f2f4abc24c724f2dbcd6878a2c5b1d80\" style=\"font-style:normal;font-weight:200\">1. Maj\u0105tek Fundacji stanowi fundusz za\u0142o\u017cycielski w kwocie 1000 (jednego tysi\u0105ca) z\u0142otych.<\/p>\n\n\n\n<p class=\"has-vivid-purple-color has-text-color has-link-color has-small-font-size wp-elements-6f225e63d9cfbb104686e55c0bff4ea0\" style=\"font-style:normal;font-weight:200\">2. Dochody Fundacji mog\u0105 pochodzi\u0107 z:<\/p>\n\n\n\n<p class=\"has-vivid-purple-color has-text-color has-link-color has-small-font-size wp-elements-ab17f04a30d40c8f0b79237f86cadc67\" style=\"font-style:normal;font-weight:200\">. funduszu za\u0142o\u017cycielskiego<\/p>\n\n\n\n<p class=\"has-vivid-purple-color has-text-color has-link-color has-small-font-size wp-elements-49260f2a89695e7da44c6e2fcb3e45c8\" style=\"font-style:normal;font-weight:200\">. dotacji, subwencji, grant\u00f3w<\/p>\n\n\n\n<p class=\"has-vivid-purple-color has-text-color has-link-color has-small-font-size wp-elements-d375a8293a54859ad470498795154331\" style=\"font-style:normal;font-weight:200\">. zbi\u00f3rek<\/p>\n\n\n\n<p class=\"has-vivid-purple-color has-text-color has-link-color has-small-font-size wp-elements-4aec0cfb1f5e7b6813807388ae3d71d3\" style=\"font-style:normal;font-weight:200\">. spadk\u00f3w, zapis\u00f3w<\/p>\n\n\n\n<p class=\"has-vivid-purple-color has-text-color has-link-color has-small-font-size wp-elements-5ec01aadc6b6204855dc929c6924d9ed\" style=\"font-style:normal;font-weight:200\">. odsetek bankowych<\/p>\n\n\n\n<p class=\"has-vivid-purple-color has-text-color has-link-color has-small-font-size wp-elements-437b2a7a39f00bfb395cda9c0fb84f4d\" style=\"font-style:normal;font-weight:200\">3. Ca\u0142o\u015b\u0107 dochod\u00f3w uzyskiwanych przez Fundacj\u0119 jest przeznaczana wy\u0142\u0105cznie na dzia\u0142alno\u015b\u0107 statutow\u0105.<\/p>\n\n\n\n<p class=\"has-text-align-center has-vivid-purple-color has-text-color has-link-color has-small-font-size wp-elements-12300c812eaee5c84c4e6e87107c5899\" style=\"font-style:normal;font-weight:200\">\u00a7 5<\/p>\n\n\n\n<p class=\"has-vivid-purple-color has-text-color has-link-color has-small-font-size wp-elements-da97c23e1a84209ba366c66fc74d713e\" style=\"font-style:normal;font-weight:200\">W\u0142adze Fundacji stanowi:<\/p>\n\n\n\n<p class=\"has-vivid-purple-color has-text-color has-link-color has-small-font-size wp-elements-49dbed77f2a7196d84db56821e113f8f\" style=\"font-style:normal;font-weight:200\">1. Zarz\u0105d Fundacji sk\u0142adaj\u0105cy si\u0119 z dw\u00f3ch os\u00f3b.<\/p>\n\n\n\n<p class=\"has-text-align-center has-vivid-purple-color has-text-color has-link-color has-small-font-size wp-elements-a12ffc8afbf0c01b271a9640ce2514bd\" style=\"font-style:normal;font-weight:200\">\u00a7 6<\/p>\n\n\n\n<p class=\"has-vivid-purple-color has-text-color has-link-color has-small-font-size wp-elements-9d77d1d7b9ae3403642d30631c40347f\" style=\"font-style:normal;font-weight:200\">Fundatorki Ewa Graczyk i Agnieszka Zi\u0119ba stanowi\u0105 Zarz\u0105d Fundacji b\u0119d\u0105c jednocze\u015bnie jej prezeskami.<\/p>\n\n\n\n<p class=\"has-text-align-center has-vivid-purple-color has-text-color has-link-color has-small-font-size wp-elements-01be24e1d33bef8a90cb76b15e985ccd\" style=\"font-style:normal;font-weight:200\">\u00a7 7<\/p>\n\n\n\n<p class=\"has-vivid-purple-color has-text-color has-link-color has-small-font-size wp-elements-4a52c208f0b4e9d647fa26ae4387f6f7\" style=\"font-style:normal;font-weight:200\">1. Ka\u017cdej z cz\u0142onki\u0144 Zarz\u0105du przys\u0142uguje prawo rezygnacji z pe\u0142nienia swoich funkcji.<\/p>\n\n\n\n<p class=\"has-vivid-purple-color has-text-color has-link-color has-small-font-size wp-elements-9b8016c15271394550a694dbb61e5c21\" style=\"font-style:normal;font-weight:200\">2. Cz\u0142onkostwo w Zarz\u0105dzie ustaje z chwil\u0105 z\u0142o\u017cenia pisemnej rezygnacji na r\u0119ce Zarz\u0105du.<\/p>\n\n\n\n<p class=\"has-vivid-purple-color has-text-color has-link-color has-small-font-size wp-elements-5065a718058dfb6d7819ad1e84616c19\" style=\"font-style:normal;font-weight:200\">3. Cz\u0142onkini Zarz\u0105du mo\u017ce zosta\u0107 odwo\u0142ana z pe\u0142nionej funkcji je\u015bli<\/p>\n\n\n\n<p class=\"has-vivid-purple-color has-text-color has-link-color has-small-font-size wp-elements-9b8d8e3c0473d9e0b5c7888c4bb25fbc\" style=\"font-style:normal;font-weight:200\">. dzia\u0142a wbrew postanowieniom statutowym<\/p>\n\n\n\n<p class=\"has-vivid-purple-color has-text-color has-link-color has-small-font-size wp-elements-e6a6c2df22f6ae0eb5a2ef55b8e5b5c1\" style=\"font-style:normal;font-weight:200\">. dzia\u0142a na szkod\u0119 Fundacji<\/p>\n\n\n\n<p class=\"has-text-align-center has-vivid-purple-color has-text-color has-link-color has-small-font-size wp-elements-8934f1195fa1a75696e8d91bd549189a\" style=\"font-style:normal;font-weight:200\">\u00a7 8<\/p>\n\n\n\n<p class=\"has-vivid-purple-color has-text-color has-link-color has-small-font-size wp-elements-b13993a43a9824e83f31bfbd4b5259a9\" style=\"font-style:normal;font-weight:200\">Zarz\u0105d Fundacji zastrzega mo\u017cliwo\u015b\u0107 rozszerzenia sk\u0142adu osobowego zar\u00f3wno samego Zarz\u0105du Fundacji jak i pozosta\u0142ych jej organ\u00f3w, o dodatkowe cz\u0142onkinie i cz\u0142onk\u00f3w. Dotyczy to tak\u017ce Rady Fundacji, gdyby zosta\u0142a ona powo\u0142ana przez Fundacj\u0119.<\/p>\n\n\n\n<p class=\"has-text-align-center has-vivid-purple-color has-text-color has-link-color has-small-font-size wp-elements-a33a72c0d3c6f77bf92f395113c68378\" style=\"font-style:normal;font-weight:200\">\u00a7 9<\/p>\n\n\n\n<p class=\"has-vivid-purple-color has-text-color has-link-color has-small-font-size wp-elements-de6c513bf5a740a8b5620622fc0670f3\" style=\"font-style:normal;font-weight:200\">1. Zarz\u0105d kieruje dzia\u0142alno\u015bci\u0105 Fundacji i reprezentuje j\u0105 na zewn\u0105trz.<\/p>\n\n\n\n<p class=\"has-vivid-purple-color has-text-color has-link-color has-small-font-size wp-elements-cadcbe45cb952e7f2e3163dc664899da\" style=\"font-style:normal;font-weight:200\">2. Do kompetencji Zarz\u0105du nale\u017cy:<\/p>\n\n\n\n<p class=\"has-vivid-purple-color has-text-color has-link-color has-small-font-size wp-elements-c6eedfe786547ba730e80e74c2882fd1\" style=\"font-style:normal;font-weight:200\">. kierowanie bie\u017c\u0105c\u0105 dzia\u0142alno\u015bci\u0105 Fundacji<\/p>\n\n\n\n<p class=\"has-vivid-purple-color has-text-color has-link-color has-small-font-size wp-elements-b2a86044ade5e2cb6df7e160284ef832\" style=\"font-style:normal;font-weight:200\">. realizacja cel\u00f3w statutowych<\/p>\n\n\n\n<p class=\"has-vivid-purple-color has-text-color has-link-color has-small-font-size wp-elements-94f99361d3bfa1caba9b5a03f5c1305d\" style=\"font-style:normal;font-weight:200\">. sporz\u0105dzanie plan\u00f3w pracy i bud\u017cetu<\/p>\n\n\n\n<p class=\"has-vivid-purple-color has-text-color has-link-color has-small-font-size wp-elements-39ecb4477fb1a3d3e848edf963d10ae6\" style=\"font-style:normal;font-weight:200\">. sprawowanie zarz\u0105du nad maj\u0105tkiem Fundacji<\/p>\n\n\n\n<p class=\"has-vivid-purple-color has-text-color has-link-color has-small-font-size wp-elements-357774b12c6a4e9d62cb7b48cf6cab68\" style=\"font-style:normal;font-weight:200\">. reprezentowanie Fundacji na zewn\u0105trz<\/p>\n\n\n\n<p class=\"has-vivid-purple-color has-text-color has-link-color has-small-font-size wp-elements-c71959076ff17135f6ffadf4cff761e8\" style=\"font-style:normal;font-weight:200\">. zatrudnianie pracownik\u00f3w i ustalanie wysoko\u015bci ich wynagrodzenia<\/p>\n\n\n\n<p class=\"has-vivid-purple-color has-text-color has-link-color has-small-font-size wp-elements-90e80d55a268bb1ae77f5b4e227ec2c9\" style=\"font-style:normal;font-weight:200\">. wprowadzanie zmian statutowych<\/p>\n\n\n\n<p class=\"has-vivid-purple-color has-text-color has-link-color has-small-font-size wp-elements-2e124ef1e11b63157bd985b02ef80929\" style=\"font-style:normal;font-weight:200\">. decydowanie o po\u0142\u0105czeniu i likwidacji Fundacji<\/p>\n\n\n\n<p class=\"has-text-align-center has-vivid-purple-color has-text-color has-link-color has-small-font-size wp-elements-80c45220a69e5216b5ddf3f4cfd2dbbc\" style=\"font-style:normal;font-weight:200\">\u00a7 10<\/p>\n\n\n\n<p class=\"has-vivid-purple-color has-text-color has-link-color has-small-font-size wp-elements-66887901629cb4bf5731c750716237b4\" style=\"font-style:normal;font-weight:200\">1. Posiedzenia Zarz\u0105du odbywaj\u0105 si\u0119 w miar\u0119 potrzeb, nie rzadziej jednak ni\u017c raz na miesi\u0105c.<\/p>\n\n\n\n<p class=\"has-vivid-purple-color has-text-color has-link-color has-small-font-size wp-elements-d92d5291ec1adc4e546c2dfeaaff43b9\" style=\"font-style:normal;font-weight:200\">2. Posiedzenia Zarz\u0105du mo\u017ce zosta\u0107 zwo\u0142ane przez ka\u017cd\u0105 z Prezesek Zarz\u0105du, kt\u00f3ra poinformuje o posiedzeniu drog\u0105 elektroniczn\u0105, na co najmniej 3 dni przed planowanym spotkaniem.<\/p>\n\n\n\n<p class=\"has-vivid-purple-color has-text-color has-link-color has-small-font-size wp-elements-f07fe06b186ac1fdd3a13d683ea5ff25\" style=\"font-style:normal;font-weight:200\">3. Zarz\u0105d podejmuje decyzje za pomoc\u0105 uchwa\u0142 je\u015bli dalsze postanowienia statutu nie stanowi\u0105 inaczej.<\/p>\n\n\n\n<p class=\"has-text-align-center has-vivid-purple-color has-text-color has-link-color has-small-font-size wp-elements-6d6a04d8d7e022a74ee51926d332ba49\" style=\"font-style:normal;font-weight:200\">\u00a7 11<\/p>\n\n\n\n<p class=\"has-vivid-purple-color has-text-color has-link-color has-small-font-size wp-elements-375f84726853a64e9d6d488a6b190aa2\" style=\"font-style:normal;font-weight:200\">1. O\u015bwiadczenia woli w imieniu Fundacji we wszystkich sprawach z wyj\u0105tkiem maj\u0105tkowych, sk\u0142ada\u0107 mog\u0105 obie cz\u0142onkinie Zarz\u0105du samodzielnie.<\/p>\n\n\n\n<p class=\"has-vivid-purple-color has-text-color has-link-color has-small-font-size wp-elements-79ad3b43e0f53f263451764edfe2afd2\" style=\"font-style:normal;font-weight:200\">2. W sprawach maj\u0105tkowych wymagany jest podpis obu cz\u0142onki\u0144 Zarz\u0105du.<\/p>\n\n\n\n<p class=\"has-vivid-purple-color has-text-color has-link-color has-small-font-size wp-elements-730853cf8de79e0292a17a98226ca995\" style=\"font-style:normal;font-weight:200\">3. Sprawozdanie finansowe Fundacji, zgodnie z art. 52 ust. 2 ustawy o rachunkowo\u015bci, podpisuj\u0105 obie cz\u0142onkinie Zarz\u0105du.<\/p>\n\n\n\n<p class=\"has-text-align-center has-vivid-purple-color has-text-color has-link-color has-small-font-size wp-elements-c12bff24469dd5c2066021e278e30edc\" style=\"font-style:normal;font-weight:200\">\u00a7 12<\/p>\n\n\n\n<p class=\"has-vivid-purple-color has-text-color has-link-color has-small-font-size wp-elements-ffbec4fa2112a289f48dbe54cf0a4cca\" style=\"font-style:normal;font-weight:200\">Umowy i inne zobowi\u0105zania wymagaj\u0105 podpis\u00f3w obu cz\u0142onki\u0144 Zarz\u0105du.<\/p>\n\n\n\n<p class=\"has-vivid-purple-color has-text-color has-link-color has-small-font-size wp-elements-1545e4ee36ec7f4799ffec75841853f9\" style=\"font-style:normal;font-weight:200\"><\/p>\n\n\n\n<p class=\"has-vivid-purple-color has-text-color has-link-color wp-elements-d2bca615fda0346171b5c5df3c2ee8ab\" style=\"font-style:normal;font-weight:200\"><\/p>\n\n\n\n<p><\/p>\n","protected":false},"excerpt":{"rendered":"<p>\u00a7 1 1. Fundacja o nazwie Buda, we\u017a i obr\u00f3\u0107 si\u0119! zosta\u0142a ustanowiona przez Ew\u0119 Graczyk, Beat\u0119 Ku\u017aniewsk\u0105 i Agnieszk\u0119 Zi\u0119b\u0119, zwanych Fundatorkami, o\u015bwiadczeniem woli wyra\u017conym w formie aktu notarialnego sporz\u0105dzonego przez &#8211; notariusz Anna Rudnicka. 2. Fundacja w obecnym kszta\u0142cie, realizuj\u0105ca niniejszy statut wyst\u0119puje pod zmienion\u0105 nazw\u0105: ALTERNY. \u00a7 2 1. Siedzib\u0105 Fundacji jest [&hellip;]<\/p>\n","protected":false},"author":1,"featured_media":0,"parent":0,"menu_order":0,"comment_status":"closed","ping_status":"closed","template":"","meta":{"footnotes":""},"class_list":["post-39","page","type-page","status-publish","czr-hentry"],"_links":{"self":[{"href":"https:\/\/alterny.org.pl\/index.php\/wp-json\/wp\/v2\/pages\/39","targetHints":{"allow":["GET"]}}],"collection":[{"href":"https:\/\/alterny.org.pl\/index.php\/wp-json\/wp\/v2\/pages"}],"about":[{"href":"https:\/\/alterny.org.pl\/index.php\/wp-json\/wp\/v2\/types\/page"}],"author":[{"embeddable":true,"href":"https:\/\/alterny.org.pl\/index.php\/wp-json\/wp\/v2\/users\/1"}],"replies":[{"embeddable":true,"href":"https:\/\/alterny.org.pl\/index.php\/wp-json\/wp\/v2\/comments?post=39"}],"version-history":[{"count":6,"href":"https:\/\/alterny.org.pl\/index.php\/wp-json\/wp\/v2\/pages\/39\/revisions"}],"predecessor-version":[{"id":199,"href":"https:\/\/alterny.org.pl\/index.php\/wp-json\/wp\/v2\/pages\/39\/revisions\/199"}],"wp:attachment":[{"href":"https:\/\/alterny.org.pl\/index.php\/wp-json\/wp\/v2\/media?parent=39"}],"curies":[{"name":"wp","href":"https:\/\/api.w.org\/{rel}","templated":true}]}}